{"id":74459,"date":"2018-09-12T23:19:55","date_gmt":"2018-09-12T21:19:55","guid":{"rendered":"http:\/\/www.tucomarca.com\/wordpress\/segunda\/wp-content\/uploads\/2018\/09\/plenoRiba-roja2-3.jpg"},"modified":"2018-09-12T23:20:10","modified_gmt":"2018-09-12T21:20:10","slug":"plenoriba-roja2-3","status":"inherit","type":"attachment","link":"https:\/\/www.tucomarca.com\/wordpress\/segunda\/ca\/el-jutjat-de-pau-cita-a-declarar-el-portaveu-de-riba-roja-pot-despres-de-la-querella-de-lalcalde-per-injuries-i-calumnies\/plenoriba-roja2-3\/","title":{"rendered":"plenoRiba-roja2-3"},"author":1,"featured_media":0,"comment_status":"open","ping_status":"closed","template":"","meta":[],"class_list":["post-74459","attachment","type-attachment","status-inherit"],"description":{"rendered":"<p class=\"attachment\"><a href='https:\/\/www.tucomarca.com\/wordpress\/segunda\/wp-content\/uploads\/2018\/09\/plenoRiba-roja2-3.jpg'><img loading=\"lazy\" decoding=\"async\" width=\"300\" height=\"169\" src=\"https:\/\/www.tucomarca.com\/wordpress\/segunda\/wp-content\/uploads\/2018\/09\/plenoRiba-roja2-3-300x169.jpg\" class=\"attachment-medium size-medium\" alt=\"El jutjat de pau de Riba-roja de T\u00faria ha citat a declarar el portaveu municipal de Riba-roja Pot, Rub\u00e9n Ferrer, pels presumptes delictes d&#039;inj\u00faries i cal\u00famnies despr\u00e9s de la querella interposada per l&#039;alcalde socialista de la localitat, Robert Raga. L&#039;acte de conciliaci\u00f3 tindr\u00e0 lloc el proper 15 d&#039;octubre a les depend\u00e8ncies judicials pr\u00e8vies a l&#039;inici del procediment judicial. L&#039;acte de conciliaci\u00f3 que se celebrar\u00e0 al jutjat de pau haur\u00e0 de dilucidar si el portaveu de Riba-roja Pot es referma o es retracta de les afirmacions que en els \u00faltims dies ha abocat contra l&#039;alcalde Robert Raga a les xarxes socials, en una moci\u00f3 de reprovaci\u00f3 i en els mitjans de comunicaci\u00f3 referents a uns fets que es remunten a octubre de l&#039;any 2011. La formaci\u00f3 de Riba-roja Pot presentar una moci\u00f3 municipal en qu\u00e8 afirmava que l&#039;alcalde Robert Raga va ser condemnat per l&#039;Audi\u00e8ncia Provincial de Val\u00e8ncia per inj\u00faries a una ve\u00efna de la localitat mentre practicava la ca\u00e7a en un paratge del terme municipal de Riba-roja . Fins i tot, en la moci\u00f3 manifestaven que Raga va cridar a la ve\u00efna &quot;en to altiu, desafiant i agressiu&quot; i li va proferir frases racistes i masclistes. Riba-roja Pot sost\u00e9 que la sent\u00e8ncia judicial recull literalment frases com &quot;si fossis un home et donaria 3 h\u00f2sties&quot; o &quot;il\u00b7legal&quot;, entre altres, una cosa que segons la moci\u00f3 s\u00f3n fets demostrats i condemnats per dos jutjats en sent\u00e8ncia ferma. Aquest partit pol\u00edtic assevera que Raga va ocultar aquests fets quan van succeir per no veure perjudicada la seva carrera pol\u00edtica. No obstant aix\u00f2, la sent\u00e8ncia a la qual fa refer\u00e8ncia el partit Riba-roja Pot a cap moment identifica a l&#039;alcalde Robert Raga com l&#039;autor dels insults i les paraules desafiants contra la ve\u00efna propiet\u00e0ria de l&#039;habitatge, ni tampoc com l&#039;autor de les invectives relacionades amb els coneixements adquirits del pla general d&#039;ordenaci\u00f3 urbana per ser en aquest moment regidor de la localitat amb frases com que la dona &quot;era una il\u00b7legal i que s&#039;havia constru\u00eft el seu habitatge en zona r\u00fastica&quot;. El grup socialista de Riba-roja de T\u00faria considera que aquests fets &quot;s\u00f3n una maniobra orquestrada per aquest partit pol\u00edtic i per la seva portaveu Rub\u00e9n Ferrer en la seva campanya cont\u00ednua d&#039;intentar embrutar la imatge de l&#039;alcalde i de l&#039;equip de govern en una actitud preocupant en tenir de rec\u00f3rrer a uns fets de fa vuit anys que no tenen res a veure en la gesti\u00f3 municipal i que de cap manera es prova que l&#039;alcalde fos l&#039;autor i condemnat per les frases i insults a qu\u00e8 fa refer\u00e8ncia la moci\u00f3 de Riba-roja Pot &quot;. El PSPV afegeix que aquesta formaci\u00f3 d&#039;actuar &quot;\u00e9s la prova que s\u00f3n l&#039;ariet del Partit Popular amb els que han tra\u00e7at i dissenyat un cam\u00ed concret per aconseguir l&#039;alcaldia al preu que sigui, sense importar-los el benestar dels seus ciutadans ni tampoc la dignitat dels seus propis votants ja que durant aquesta legislatura s&#039;han dedicat m\u00e9s a combatre al govern que en fer propostes factibles per a la ciutadania &quot;. El grup socialista recorda que durant aquest mandat &quot;el ben cert \u00e9s que tant el portaveu Rub\u00e9n Ferrer com el seu company de partit Andr\u00e9s Fern\u00e1ndez han estat els \u00fanics en la hist\u00f2ria democr\u00e0tica de Riba-roja que han rebut una reprovaci\u00f3 del ple municipal, en el cas de Ferrer per gravar i difondre converses privades d&#039;un regidor del govern municipal i en el cas de Fern\u00e1ndez per intentar acovardir als funcionaris i per utilitzar imatges d&#039;un rodam\u00f3n per obtenir un r\u00e8dit electoral &quot;. Finalment, el PSPV ha comminat a Riba-roja Pot &quot;a treballar per millorar la qualitat de vida dels nostres ve\u00efns en lloc d&#039;inc\u00f3rrer en inj\u00faries i cal\u00famnies amb l&#039;\u00fanic objectiu d&#039;obtenir r\u00e8dits pol\u00edtics de fets que en res ajuden a establir una simbiosi entre l&#039;ajuntament i la ciutadania, en m\u00faltiples ocasions se&#039;ls ha convidat a formar part de l&#039;equip de govern per\u00f2 prefereixen l&#039;estrat\u00e8gia de sumar-se a soc\u00f3rrer el Partit Popular despr\u00e9s de la seva nefasta gesti\u00f3 durant 20 anys &quot;.\" srcset=\"https:\/\/www.tucomarca.com\/wordpress\/segunda\/wp-content\/uploads\/2018\/09\/plenoRiba-roja2-3-300x169.jpg 300w, https:\/\/www.tucomarca.com\/wordpress\/segunda\/wp-content\/uploads\/2018\/09\/plenoRiba-roja2-3-768x432.jpg 768w, https:\/\/www.tucomarca.com\/wordpress\/segunda\/wp-content\/uploads\/2018\/09\/plenoRiba-roja2-3.jpg 850w\" sizes=\"auto, (max-width: 300px) 100vw, 300px\" \/><\/a><\/p>\n<p>El jutjat de pau de Riba-roja de T\u00faria ha citat a declarar el portaveu municipal de Riba-roja Pot, Rub\u00e9n Ferrer, pels presumptes delictes d&#8217;inj\u00faries i cal\u00famnies despr\u00e9s de la querella interposada per l&#8217;alcalde socialista de la localitat, Robert Raga. L&#8217;acte de conciliaci\u00f3 tindr\u00e0 lloc el proper 15 d&#8217;octubre a les depend\u00e8ncies judicials pr\u00e8vies a l&#8217;inici del procediment judicial.<\/p>\n<p>L&#8217;acte de conciliaci\u00f3 que se celebrar\u00e0 al jutjat de pau haur\u00e0 de dilucidar si el portaveu de Riba-roja Pot es referma o es retracta de les afirmacions que en els \u00faltims dies ha abocat contra l&#8217;alcalde Robert Raga a les xarxes socials, en una moci\u00f3 de reprovaci\u00f3 i en els mitjans de comunicaci\u00f3 referents a uns fets que es remunten a octubre de l&#8217;any 2011.<\/p>\n<p>La formaci\u00f3 de Riba-roja Pot presentar una moci\u00f3 municipal en qu\u00e8 afirmava que l&#8217;alcalde Robert Raga va ser condemnat per l&#8217;Audi\u00e8ncia Provincial de Val\u00e8ncia per inj\u00faries a una ve\u00efna de la localitat mentre practicava la ca\u00e7a en un paratge del terme municipal de Riba-roja . Fins i tot, en la moci\u00f3 manifestaven que Raga va cridar a la ve\u00efna &#8220;en to altiu, desafiant i agressiu&#8221; i li va proferir frases racistes i masclistes.<\/p>\n<p>Riba-roja Pot sost\u00e9 que la sent\u00e8ncia judicial recull literalment frases com &#8220;si fossis un home et donaria 3 h\u00f2sties&#8221; o &#8220;il\u00b7legal&#8221;, entre altres, una cosa que segons la moci\u00f3 s\u00f3n fets demostrats i condemnats per dos jutjats en sent\u00e8ncia ferma. Aquest partit pol\u00edtic assevera que Raga va ocultar aquests fets quan van succeir per no veure perjudicada la seva carrera pol\u00edtica.<\/p>\n<p>No obstant aix\u00f2, la sent\u00e8ncia a la qual fa refer\u00e8ncia el partit Riba-roja Pot a cap moment identifica a l&#8217;alcalde Robert Raga com l&#8217;autor dels insults i les paraules desafiants contra la ve\u00efna propiet\u00e0ria de l&#8217;habitatge, ni tampoc com l&#8217;autor de les invectives relacionades amb els coneixements adquirits del pla general d&#8217;ordenaci\u00f3 urbana per ser en aquest moment regidor de la localitat amb frases com que la dona &#8220;era una il\u00b7legal i que s&#8217;havia constru\u00eft el seu habitatge en zona r\u00fastica&#8221;.<\/p>\n<p>El grup socialista de Riba-roja de T\u00faria considera que aquests fets &#8220;s\u00f3n una maniobra orquestrada per aquest partit pol\u00edtic i per la seva portaveu Rub\u00e9n Ferrer en la seva campanya cont\u00ednua d&#8217;intentar embrutar la imatge de l&#8217;alcalde i de l&#8217;equip de govern en una actitud preocupant en tenir de rec\u00f3rrer a uns fets de fa vuit anys que no tenen res a veure en la gesti\u00f3 municipal i que de cap manera es prova que l&#8217;alcalde fos l&#8217;autor i condemnat per les frases i insults a qu\u00e8 fa refer\u00e8ncia la moci\u00f3 de Riba-roja Pot &#8220;.<\/p>\n<p>El PSPV afegeix que aquesta formaci\u00f3 d&#8217;actuar &#8220;\u00e9s la prova que s\u00f3n l&#8217;ariet del Partit Popular amb els que han tra\u00e7at i dissenyat un cam\u00ed concret per aconseguir l&#8217;alcaldia al preu que sigui, sense importar-los el benestar dels seus ciutadans ni tampoc la dignitat dels seus propis votants ja que durant aquesta legislatura s&#8217;han dedicat m\u00e9s a combatre al govern que en fer propostes factibles per a la ciutadania &#8220;.<\/p>\n<p>El grup socialista recorda que durant aquest mandat &#8220;el ben cert \u00e9s que tant el portaveu Rub\u00e9n Ferrer com el seu company de partit Andr\u00e9s Fern\u00e1ndez han estat els \u00fanics en la hist\u00f2ria democr\u00e0tica de Riba-roja que han rebut una reprovaci\u00f3 del ple municipal, en el cas de Ferrer per gravar i difondre converses privades d&#8217;un regidor del govern municipal i en el cas de Fern\u00e1ndez per intentar acovardir als funcionaris i per utilitzar imatges d&#8217;un rodam\u00f3n per obtenir un r\u00e8dit electoral &#8220;.<\/p>\n<p>Finalment, el PSPV ha comminat a Riba-roja Pot &#8220;a treballar per millorar la qualitat de vida dels nostres ve\u00efns en lloc d&#8217;inc\u00f3rrer en inj\u00faries i cal\u00famnies amb l&#8217;\u00fanic objectiu d&#8217;obtenir r\u00e8dits pol\u00edtics de fets que en res ajuden a establir una simbiosi entre l&#8217;ajuntament i la ciutadania, en m\u00faltiples ocasions se&#8217;ls ha convidat a formar part de l&#8217;equip de govern per\u00f2 prefereixen l&#8217;estrat\u00e8gia de sumar-se a soc\u00f3rrer el Partit Popular despr\u00e9s de la seva nefasta gesti\u00f3 durant 20 anys &#8220;.<\/p>\n"},"caption":{"rendered":"<div class=\"mh-excerpt\">El jutjat de pau de Riba-roja de T\u00faria ha citat a declarar el portaveu municipal de Riba-roja Pot, Rub\u00e9n Ferrer, pels presumptes delictes d&#8217;inj\u00faries i cal\u00famnies despr\u00e9s de la querella interposada per l&#8217;alcalde socialista de la localitat, Robert Raga. L&#8217;acte de conciliaci\u00f3 tindr\u00e0 lloc el proper 15 d&#8217;octubre a les depend\u00e8ncies judicials pr\u00e8vies a l&#8217;inici del procediment judicial.<\/p>\n<p>L&#8217;acte de conciliaci\u00f3 que se celebrar\u00e0 al jutjat de pau haur\u00e0 de dilucidar si el portaveu de Riba-roja Pot es referma o es retracta de les afirmacions que en els \u00faltims dies ha abocat contra l&#8217;alcalde Robert Raga a les xarxes socials, en una moci\u00f3 de reprovaci\u00f3 i en els mitjans de comunicaci\u00f3 referents a uns fets que es remunten a octubre de l&#8217;any 2011.<\/p>\n<p>La formaci\u00f3 de Riba-roja Pot presentar una moci\u00f3 municipal en qu\u00e8 afirmava que l&#8217;alcalde Robert Raga va ser condemnat per l&#8217;Audi\u00e8ncia Provincial de Val\u00e8ncia per inj\u00faries a una ve\u00efna de la localitat mentre practicava la ca\u00e7a en un paratge del terme municipal de Riba-roja . Fins i tot, en la moci\u00f3 manifestaven que Raga va cridar a la ve\u00efna &#8220;en to altiu, desafiant i agressiu&#8221; i li va proferir frases racistes i masclistes.<\/p>\n<p>Riba-roja Pot sost\u00e9 que la sent\u00e8ncia judicial recull literalment frases com &#8220;si fossis un home et donaria 3 h\u00f2sties&#8221; o &#8220;il\u00b7legal&#8221;, entre altres, una cosa que segons la moci\u00f3 s\u00f3n fets demostrats i condemnats per dos jutjats en sent\u00e8ncia ferma. Aquest partit pol\u00edtic assevera que Raga va ocultar aquests fets quan van succeir per no veure perjudicada la seva carrera pol\u00edtica.<\/p>\n<p>No obstant aix\u00f2, la sent\u00e8ncia a la qual fa refer\u00e8ncia el partit Riba-roja Pot a cap moment identifica a l&#8217;alcalde Robert Raga com l&#8217;autor dels insults i les paraules desafiants contra la ve\u00efna propiet\u00e0ria de l&#8217;habitatge, ni tampoc com l&#8217;autor de les invectives relacionades amb els coneixements adquirits del pla general d&#8217;ordenaci\u00f3 urbana per ser en aquest moment regidor de la localitat amb frases com que la dona &#8220;era una il\u00b7legal i que s&#8217;havia constru\u00eft el seu habitatge en zona r\u00fastica&#8221;.<\/p>\n<p>El grup socialista de Riba-roja de T\u00faria considera que aquests fets &#8220;s\u00f3n una maniobra orquestrada per aquest partit pol\u00edtic i per la seva portaveu Rub\u00e9n Ferrer en la seva campanya cont\u00ednua d&#8217;intentar embrutar la imatge de l&#8217;alcalde i de l&#8217;equip de govern en una actitud preocupant en tenir de rec\u00f3rrer a uns fets de fa vuit anys que no tenen res a veure en la gesti\u00f3 municipal i que de cap manera es prova que l&#8217;alcalde fos l&#8217;autor i condemnat per les frases i insults a qu\u00e8 fa refer\u00e8ncia la moci\u00f3 de Riba-roja Pot &#8220;.<\/p>\n<p>El PSPV afegeix que aquesta formaci\u00f3 d&#8217;actuar &#8220;\u00e9s la prova que s\u00f3n l&#8217;ariet del Partit Popular amb els que han tra\u00e7at i dissenyat un cam\u00ed concret per aconseguir l&#8217;alcaldia al preu que sigui, sense importar-los el benestar dels seus ciutadans ni tampoc la dignitat dels seus propis votants ja que durant aquesta legislatura s&#8217;han dedicat m\u00e9s a combatre al govern que en fer propostes factibles per a la ciutadania &#8220;.<\/p>\n<p>El grup socialista recorda que durant aquest mandat &#8220;el ben cert \u00e9s que tant el portaveu Rub\u00e9n Ferrer com el seu company de partit Andr\u00e9s Fern\u00e1ndez han estat els \u00fanics en la hist\u00f2ria democr\u00e0tica de Riba-roja que han rebut una reprovaci\u00f3 del ple municipal, en el cas de Ferrer per gravar i difondre converses privades d&#8217;un regidor del govern municipal i en el cas de Fern\u00e1ndez per intentar acovardir als funcionaris i per utilitzar imatges d&#8217;un rodam\u00f3n per obtenir un r\u00e8dit electoral &#8220;.<\/p>\n<p>Finalment, el PSPV ha comminat a Riba-roja Pot &#8220;a treballar per millorar la qualitat de vida dels nostres ve\u00efns en lloc d&#8217;inc\u00f3rrer en inj\u00faries i cal\u00famnies amb l&#8217;\u00fanic objectiu d&#8217;obtenir r\u00e8dits pol\u00edtics de fets que en res ajuden a establir una simbiosi entre l&#8217;ajuntament i la ciutadania, en m\u00faltiples ocasions se&#8217;ls ha convidat a formar part de l&#8217;equip de govern per\u00f2 prefereixen l&#8217;estrat\u00e8gia de sumar-se a soc\u00f3rrer el Partit Popular despr\u00e9s de la seva nefasta gesti\u00f3 durant 20 anys &#8220;.<\/p><\/div>\n<p> <a class=\"mh-excerpt-more\" href=\"https:\/\/www.tucomarca.com\/wordpress\/segunda\/ca\/el-jutjat-de-pau-cita-a-declarar-el-portaveu-de-riba-roja-pot-despres-de-la-querella-de-lalcalde-per-injuries-i-calumnies\/plenoriba-roja2-3\/\" title=\"plenoRiba-roja2-3\">[+] <\/a><\/p>\n"},"alt_text":"El jutjat de pau de Riba-roja de T\u00faria ha citat a declarar el portaveu municipal de Riba-roja Pot, Rub\u00e9n Ferrer, pels presumptes delictes d'inj\u00faries i cal\u00famnies despr\u00e9s de la querella interposada per l'alcalde socialista de la localitat, Robert Raga. L'acte de conciliaci\u00f3 tindr\u00e0 lloc el proper 15 d'octubre a les depend\u00e8ncies judicials pr\u00e8vies a l'inici del procediment judicial. L'acte de conciliaci\u00f3 que se celebrar\u00e0 al jutjat de pau haur\u00e0 de dilucidar si el portaveu de Riba-roja Pot es referma o es retracta de les afirmacions que en els \u00faltims dies ha abocat contra l'alcalde Robert Raga a les xarxes socials, en una moci\u00f3 de reprovaci\u00f3 i en els mitjans de comunicaci\u00f3 referents a uns fets que es remunten a octubre de l'any 2011. La formaci\u00f3 de Riba-roja Pot presentar una moci\u00f3 municipal en qu\u00e8 afirmava que l'alcalde Robert Raga va ser condemnat per l'Audi\u00e8ncia Provincial de Val\u00e8ncia per inj\u00faries a una ve\u00efna de la localitat mentre practicava la ca\u00e7a en un paratge del terme municipal de Riba-roja . Fins i tot, en la moci\u00f3 manifestaven que Raga va cridar a la ve\u00efna \"en to altiu, desafiant i agressiu\" i li va proferir frases racistes i masclistes. Riba-roja Pot sost\u00e9 que la sent\u00e8ncia judicial recull literalment frases com \"si fossis un home et donaria 3 h\u00f2sties\" o \"il\u00b7legal\", entre altres, una cosa que segons la moci\u00f3 s\u00f3n fets demostrats i condemnats per dos jutjats en sent\u00e8ncia ferma. Aquest partit pol\u00edtic assevera que Raga va ocultar aquests fets quan van succeir per no veure perjudicada la seva carrera pol\u00edtica. No obstant aix\u00f2, la sent\u00e8ncia a la qual fa refer\u00e8ncia el partit Riba-roja Pot a cap moment identifica a l'alcalde Robert Raga com l'autor dels insults i les paraules desafiants contra la ve\u00efna propiet\u00e0ria de l'habitatge, ni tampoc com l'autor de les invectives relacionades amb els coneixements adquirits del pla general d'ordenaci\u00f3 urbana per ser en aquest moment regidor de la localitat amb frases com que la dona \"era una il\u00b7legal i que s'havia constru\u00eft el seu habitatge en zona r\u00fastica\". El grup socialista de Riba-roja de T\u00faria considera que aquests fets \"s\u00f3n una maniobra orquestrada per aquest partit pol\u00edtic i per la seva portaveu Rub\u00e9n Ferrer en la seva campanya cont\u00ednua d'intentar embrutar la imatge de l'alcalde i de l'equip de govern en una actitud preocupant en tenir de rec\u00f3rrer a uns fets de fa vuit anys que no tenen res a veure en la gesti\u00f3 municipal i que de cap manera es prova que l'alcalde fos l'autor i condemnat per les frases i insults a qu\u00e8 fa refer\u00e8ncia la moci\u00f3 de Riba-roja Pot \". El PSPV afegeix que aquesta formaci\u00f3 d'actuar \"\u00e9s la prova que s\u00f3n l'ariet del Partit Popular amb els que han tra\u00e7at i dissenyat un cam\u00ed concret per aconseguir l'alcaldia al preu que sigui, sense importar-los el benestar dels seus ciutadans ni tampoc la dignitat dels seus propis votants ja que durant aquesta legislatura s'han dedicat m\u00e9s a combatre al govern que en fer propostes factibles per a la ciutadania \". El grup socialista recorda que durant aquest mandat \"el ben cert \u00e9s que tant el portaveu Rub\u00e9n Ferrer com el seu company de partit Andr\u00e9s Fern\u00e1ndez han estat els \u00fanics en la hist\u00f2ria democr\u00e0tica de Riba-roja que han rebut una reprovaci\u00f3 del ple municipal, en el cas de Ferrer per gravar i difondre converses privades d'un regidor del govern municipal i en el cas de Fern\u00e1ndez per intentar acovardir als funcionaris i per utilitzar imatges d'un rodam\u00f3n per obtenir un r\u00e8dit electoral \". Finalment, el PSPV ha comminat a Riba-roja Pot \"a treballar per millorar la qualitat de vida dels nostres ve\u00efns en lloc d'inc\u00f3rrer en inj\u00faries i cal\u00famnies amb l'\u00fanic objectiu d'obtenir r\u00e8dits pol\u00edtics de fets que en res ajuden a establir una simbiosi entre l'ajuntament i la ciutadania, en m\u00faltiples ocasions se'ls ha convidat a formar part de l'equip de govern per\u00f2 prefereixen l'estrat\u00e8gia de sumar-se a soc\u00f3rrer el Partit Popular despr\u00e9s de la seva nefasta gesti\u00f3 durant 20 anys \".","media_type":"image","mime_type":"image\/jpeg","media_details":{"width":850,"height":478,"file":"2018\/09\/plenoRiba-roja2-3.jpg","sizes":{"thumbnail":{"file":"plenoRiba-roja2-3-290x290.jpg","width":290,"height":290,"mime_type":"image\/jpeg","source_url":"https:\/\/www.tucomarca.com\/wordpress\/segunda\/wp-content\/uploads\/2018\/09\/plenoRiba-roja2-3-290x290.jpg"},"medium":{"file":"plenoRiba-roja2-3-300x169.jpg","width":300,"height":169,"mime_type":"image\/jpeg","source_url":"https:\/\/www.tucomarca.com\/wordpress\/segunda\/wp-content\/uploads\/2018\/09\/plenoRiba-roja2-3-300x169.jpg"},"medium_large":{"file":"plenoRiba-roja2-3-768x432.jpg","width":768,"height":432,"mime_type":"image\/jpeg","source_url":"https:\/\/www.tucomarca.com\/wordpress\/segunda\/wp-content\/uploads\/2018\/09\/plenoRiba-roja2-3-768x432.jpg"},"rss-image":{"file":"plenoRiba-roja2-3-300x169.jpg","width":300,"height":169,"mime_type":"image\/jpeg","source_url":"https:\/\/www.tucomarca.com\/wordpress\/segunda\/wp-content\/uploads\/2018\/09\/plenoRiba-roja2-3-300x169.jpg"},"post-thumbnail":{"file":"plenoRiba-roja2-3-50x50.jpg","width":50,"height":50,"mime_type":"image\/jpeg","source_url":"https:\/\/www.tucomarca.com\/wordpress\/segunda\/wp-content\/uploads\/2018\/09\/plenoRiba-roja2-3-50x50.jpg"},"full":{"file":"plenoRiba-roja2-3.jpg","width":850,"height":478,"mime_type":"image\/jpeg","source_url":"https:\/\/www.tucomarca.com\/wordpress\/segunda\/wp-content\/uploads\/2018\/09\/plenoRiba-roja2-3.jpg"}},"image_meta":{"aperture":"2","credit":"","camera":"G7-L01","caption":"","created_timestamp":"1039348800","copyright":"","focal_length":"2.96","iso":"200","shutter_speed":"0.032258064516129","title":"","orientation":"1","keywords":[]}},"post":74458,"source_url":"https:\/\/www.tucomarca.com\/wordpress\/segunda\/wp-content\/uploads\/2018\/09\/plenoRiba-roja2-3.jpg","_links":{"self":[{"href":"https:\/\/www.tucomarca.com\/wordpress\/segunda\/ca\/wp-json\/wp\/v2\/media\/74459","targetHints":{"allow":["GET"]}}],"collection":[{"href":"https:\/\/www.tucomarca.com\/wordpress\/segunda\/ca\/wp-json\/wp\/v2\/media"}],"about":[{"href":"https:\/\/www.tucomarca.com\/wordpress\/segunda\/ca\/wp-json\/wp\/v2\/types\/attachment"}],"author":[{"embeddable":true,"href":"https:\/\/www.tucomarca.com\/wordpress\/segunda\/ca\/wp-json\/wp\/v2\/users\/1"}],"replies":[{"embeddable":true,"href":"https:\/\/www.tucomarca.com\/wordpress\/segunda\/ca\/wp-json\/wp\/v2\/comments?post=74459"}],"wp:attached-to":[{"embeddable":true,"post_type":"post","id":74458,"href":"https:\/\/www.tucomarca.com\/wordpress\/segunda\/ca\/wp-json\/wp\/v2\/posts\/74458"}],"curies":[{"name":"wp","href":"https:\/\/api.w.org\/{rel}","templated":true}]}}