{"id":63525,"date":"2017-12-15T15:40:28","date_gmt":"2017-12-15T13:40:28","guid":{"rendered":"http:\/\/www.tucomarca.com\/wordpress\/segunda\/wp-content\/uploads\/2017\/12\/betoretbunyol.jpg"},"modified":"2017-12-15T15:41:37","modified_gmt":"2017-12-15T13:41:37","slug":"betoretbunyol","status":"inherit","type":"attachment","link":"https:\/\/www.tucomarca.com\/wordpress\/segunda\/betoret-pp-el-consell-destina-mas-dinero-a-sus-seis-nuevas-empresas-que-a-toda-la-provincia-de-valencia\/betoretbunyol\/","title":{"rendered":"betoretbunyol"},"author":2,"featured_media":0,"comment_status":"open","ping_status":"closed","template":"","meta":[],"class_list":["post-63525","attachment","type-attachment","status-inherit"],"description":{"rendered":"<p class=\"attachment\"><a href='https:\/\/www.tucomarca.com\/wordpress\/segunda\/wp-content\/uploads\/2017\/12\/betoretbunyol.jpg'><img loading=\"lazy\" decoding=\"async\" width=\"300\" height=\"225\" src=\"https:\/\/www.tucomarca.com\/wordpress\/segunda\/wp-content\/uploads\/2017\/12\/betoretbunyol-300x225.jpg\" class=\"attachment-medium size-medium\" alt=\"Betoret ha se\u00f1alado que las enmiendas del PP est\u00e1n encaminadas evitar \u201ccaos\u201d comos los vividos en el centro de Menores de Bu\u00f1ol donde la vicepresidenta ha \u201cfracasado\u201d generando una situaci\u00f3n de \u201cdescontrol y descoordinaci\u00f3n que pagan los m\u00e1s d\u00e9biles\u201d.\" srcset=\"https:\/\/www.tucomarca.com\/wordpress\/segunda\/wp-content\/uploads\/2017\/12\/betoretbunyol-300x225.jpg 300w, https:\/\/www.tucomarca.com\/wordpress\/segunda\/wp-content\/uploads\/2017\/12\/betoretbunyol-768x576.jpg 768w, https:\/\/www.tucomarca.com\/wordpress\/segunda\/wp-content\/uploads\/2017\/12\/betoretbunyol.jpg 1024w\" sizes=\"auto, (max-width: 300px) 100vw, 300px\" \/><\/a><\/p>\n<p>Betoret ha se\u00f1alado que las enmiendas del PP est\u00e1n encaminadas evitar \u201ccaos\u201d comos los vividos en el centro de Menores de Bu\u00f1ol donde la vicepresidenta ha \u201cfracasado\u201d generando una situaci\u00f3n de \u201cdescontrol y descoordinaci\u00f3n que pagan los m\u00e1s d\u00e9biles\u201d.<\/p>\n"},"caption":{"rendered":"<div class=\"mh-excerpt\">Betoret ha se\u00f1alado que las enmiendas del PP est\u00e1n encaminadas evitar \u201ccaos\u201d comos los vividos en el centro de Menores de Bu\u00f1ol donde la vicepresidenta ha \u201cfracasado\u201d generando una situaci\u00f3n de \u201cdescontrol y descoordinaci\u00f3n que pagan los m\u00e1s d\u00e9biles\u201d.<\/div>\n<p> <a class=\"mh-excerpt-more\" href=\"https:\/\/www.tucomarca.com\/wordpress\/segunda\/betoret-pp-el-consell-destina-mas-dinero-a-sus-seis-nuevas-empresas-que-a-toda-la-provincia-de-valencia\/betoretbunyol\/\" title=\"betoretbunyol\">[+] <\/a><\/p>\n"},"alt_text":"Betoret ha se\u00f1alado que las enmiendas del PP est\u00e1n encaminadas evitar \u201ccaos\u201d comos los vividos en el centro de Menores de Bu\u00f1ol donde la vicepresidenta ha \u201cfracasado\u201d generando una situaci\u00f3n de \u201cdescontrol y descoordinaci\u00f3n que pagan los m\u00e1s d\u00e9biles\u201d.","media_type":"image","mime_type":"image\/jpeg","media_details":{"width":1024,"height":768,"file":"2017\/12\/betoretbunyol.jpg","sizes":{"thumbnail":{"file":"betoretbunyol-290x290.jpg","width":290,"height":290,"mime_type":"image\/jpeg","source_url":"https:\/\/www.tucomarca.com\/wordpress\/segunda\/wp-content\/uploads\/2017\/12\/betoretbunyol-290x290.jpg"},"medium":{"file":"betoretbunyol-300x225.jpg","width":300,"height":225,"mime_type":"image\/jpeg","source_url":"https:\/\/www.tucomarca.com\/wordpress\/segunda\/wp-content\/uploads\/2017\/12\/betoretbunyol-300x225.jpg"},"medium_large":{"file":"betoretbunyol-768x576.jpg","width":768,"height":576,"mime_type":"image\/jpeg","source_url":"https:\/\/www.tucomarca.com\/wordpress\/segunda\/wp-content\/uploads\/2017\/12\/betoretbunyol-768x576.jpg"},"large":{"file":"betoretbunyol-1024x768.jpg","width":1024,"height":768,"mime_type":"image\/jpeg","source_url":"https:\/\/www.tucomarca.com\/wordpress\/segunda\/wp-content\/uploads\/2017\/12\/betoretbunyol-1024x768.jpg"},"post-thumbnail":{"file":"betoretbunyol-50x50.jpg","width":50,"height":50,"mime_type":"image\/jpeg","source_url":"https:\/\/www.tucomarca.com\/wordpress\/segunda\/wp-content\/uploads\/2017\/12\/betoretbunyol-50x50.jpg"},"gabfire":{"file":"betoretbunyol-1024x768.jpg","width":1024,"height":768,"mime_type":"image\/jpeg","source_url":"https:\/\/www.tucomarca.com\/wordpress\/segunda\/wp-content\/uploads\/2017\/12\/betoretbunyol-1024x768.jpg"},"full":{"file":"betoretbunyol.jpg","width":1024,"height":768,"mime_type":"image\/jpeg","source_url":"https:\/\/www.tucomarca.com\/wordpress\/segunda\/wp-content\/uploads\/2017\/12\/betoretbunyol.jpg"}},"image_meta":{"aperture":"0","credit":"","camera":"","caption":"","created_timestamp":"0","copyright":"","focal_length":"0","iso":"0","shutter_speed":"0","title":"","orientation":"0","keywords":[]}},"post":63521,"source_url":"https:\/\/www.tucomarca.com\/wordpress\/segunda\/wp-content\/uploads\/2017\/12\/betoretbunyol.jpg","_links":{"self":[{"href":"https:\/\/www.tucomarca.com\/wordpress\/segunda\/wp-json\/wp\/v2\/media\/63525","targetHints":{"allow":["GET"]}}],"collection":[{"href":"https:\/\/www.tucomarca.com\/wordpress\/segunda\/wp-json\/wp\/v2\/media"}],"about":[{"href":"https:\/\/www.tucomarca.com\/wordpress\/segunda\/wp-json\/wp\/v2\/types\/attachment"}],"author":[{"embeddable":true,"href":"https:\/\/www.tucomarca.com\/wordpress\/segunda\/wp-json\/wp\/v2\/users\/2"}],"replies":[{"embeddable":true,"href":"https:\/\/www.tucomarca.com\/wordpress\/segunda\/wp-json\/wp\/v2\/comments?post=63525"}],"wp:attached-to":[{"embeddable":true,"post_type":"post","id":63521,"href":"https:\/\/www.tucomarca.com\/wordpress\/segunda\/wp-json\/wp\/v2\/posts\/63521"}],"curies":[{"name":"wp","href":"https:\/\/api.w.org\/{rel}","templated":true}]}}