{"id":75322,"date":"2018-10-02T10:40:23","date_gmt":"2018-10-02T08:40:23","guid":{"rendered":"http:\/\/www.tucomarca.com\/wordpress\/segunda\/wp-content\/uploads\/2018\/10\/FIVAMOS.jpg"},"modified":"2018-10-02T10:41:33","modified_gmt":"2018-10-02T08:41:33","slug":"fivamos","status":"inherit","type":"attachment","link":"https:\/\/www.tucomarca.com\/wordpress\/segunda\/la-feria-valenciana-del-moscatel-fivamos-cierra-con-exito-de-publico-y-participantes-su-primera-edicion-en-godelleta\/fivamos\/","title":{"rendered":"FIVAMOS"},"author":1,"featured_media":0,"comment_status":"open","ping_status":"closed","template":"","meta":[],"class_list":["post-75322","attachment","type-attachment","status-inherit"],"description":{"rendered":"<p class=\"attachment\"><a href='https:\/\/www.tucomarca.com\/wordpress\/segunda\/wp-content\/uploads\/2018\/10\/FIVAMOS.jpg'><img loading=\"lazy\" decoding=\"async\" width=\"300\" height=\"200\" src=\"https:\/\/www.tucomarca.com\/wordpress\/segunda\/wp-content\/uploads\/2018\/10\/FIVAMOS-300x200.jpg\" class=\"attachment-medium size-medium\" alt=\"Francisco Rodr\u00edguez Mulero, Secretario Auton\u00f3mico de Agricultura, Pablo Rodr\u00edguez, alcalde de Godelleta, Cosme Guti\u00e9rrez, Presidente CRDO Vinos Valencia, Mercedes Caballero, diputada en las Cortes Valencianas, Francisco Cervera, Presidente Cooperativa Vin\u00edcola Godelleta y Jos\u00e9 Morell , Alcalde de Cheste, durante la inauguraci\u00f3n de la feria.\" srcset=\"https:\/\/www.tucomarca.com\/wordpress\/segunda\/wp-content\/uploads\/2018\/10\/FIVAMOS-300x200.jpg 300w, https:\/\/www.tucomarca.com\/wordpress\/segunda\/wp-content\/uploads\/2018\/10\/FIVAMOS-768x512.jpg 768w, https:\/\/www.tucomarca.com\/wordpress\/segunda\/wp-content\/uploads\/2018\/10\/FIVAMOS.jpg 787w\" sizes=\"auto, (max-width: 300px) 100vw, 300px\" \/><\/a><\/p>\n<p>Francisco Rodr\u00edguez Mulero, Secretario Auton\u00f3mico de Agricultura, Pablo Rodr\u00edguez, alcalde de Godelleta, Cosme Guti\u00e9rrez, Presidente CRDO Vinos Valencia, Mercedes Caballero, diputada en las Cortes Valencianas, Francisco Cervera, Presidente Cooperativa Vin\u00edcola Godelleta<br \/>\n y Jos\u00e9 Morell , Alcalde de Cheste, durante la inauguraci\u00f3n de la feria.<\/p>\n"},"caption":{"rendered":"<div class=\"mh-excerpt\">Francisco Rodr\u00edguez Mulero, Secretario Auton\u00f3mico de Agricultura, Pablo Rodr\u00edguez, alcalde de Godelleta, Cosme Guti\u00e9rrez, Presidente CRDO Vinos Valencia, Mercedes Caballero, diputada en las Cortes Valencianas, Francisco Cervera, Presidente Cooperativa Vin\u00edcola Godelleta<br \/>\n y Jos\u00e9 Morell , Alcalde de Cheste, durante la inauguraci\u00f3n de la feria.<\/div>\n<p> <a class=\"mh-excerpt-more\" href=\"https:\/\/www.tucomarca.com\/wordpress\/segunda\/la-feria-valenciana-del-moscatel-fivamos-cierra-con-exito-de-publico-y-participantes-su-primera-edicion-en-godelleta\/fivamos\/\" title=\"FIVAMOS\">[+] <\/a><\/p>\n"},"alt_text":"Francisco Rodr\u00edguez Mulero, Secretario Auton\u00f3mico de Agricultura, Pablo Rodr\u00edguez, alcalde de Godelleta, Cosme Guti\u00e9rrez, Presidente CRDO Vinos Valencia, Mercedes Caballero, diputada en las Cortes Valencianas, Francisco Cervera, Presidente Cooperativa Vin\u00edcola Godelleta y Jos\u00e9 Morell , Alcalde de Cheste, durante la inauguraci\u00f3n de la feria.","media_type":"image","mime_type":"image\/jpeg","media_details":{"width":787,"height":525,"file":"2018\/10\/FIVAMOS.jpg","sizes":{"thumbnail":{"file":"FIVAMOS-290x290.jpg","width":290,"height":290,"mime_type":"image\/jpeg","source_url":"https:\/\/www.tucomarca.com\/wordpress\/segunda\/wp-content\/uploads\/2018\/10\/FIVAMOS-290x290.jpg"},"medium":{"file":"FIVAMOS-300x200.jpg","width":300,"height":200,"mime_type":"image\/jpeg","source_url":"https:\/\/www.tucomarca.com\/wordpress\/segunda\/wp-content\/uploads\/2018\/10\/FIVAMOS-300x200.jpg"},"medium_large":{"file":"FIVAMOS-768x512.jpg","width":768,"height":512,"mime_type":"image\/jpeg","source_url":"https:\/\/www.tucomarca.com\/wordpress\/segunda\/wp-content\/uploads\/2018\/10\/FIVAMOS-768x512.jpg"},"rss-image":{"file":"FIVAMOS-300x200.jpg","width":300,"height":200,"mime_type":"image\/jpeg","source_url":"https:\/\/www.tucomarca.com\/wordpress\/segunda\/wp-content\/uploads\/2018\/10\/FIVAMOS-300x200.jpg"},"post-thumbnail":{"file":"FIVAMOS-50x50.jpg","width":50,"height":50,"mime_type":"image\/jpeg","source_url":"https:\/\/www.tucomarca.com\/wordpress\/segunda\/wp-content\/uploads\/2018\/10\/FIVAMOS-50x50.jpg"},"full":{"file":"FIVAMOS.jpg","width":787,"height":525,"mime_type":"image\/jpeg","source_url":"https:\/\/www.tucomarca.com\/wordpress\/segunda\/wp-content\/uploads\/2018\/10\/FIVAMOS.jpg"}},"image_meta":{"aperture":"3.5","credit":"","camera":"NIKON D3100","caption":"","created_timestamp":"1538159120","copyright":"","focal_length":"18","iso":"400","shutter_speed":"0.02","title":"","orientation":"1","keywords":[]}},"post":75313,"source_url":"https:\/\/www.tucomarca.com\/wordpress\/segunda\/wp-content\/uploads\/2018\/10\/FIVAMOS.jpg","_links":{"self":[{"href":"https:\/\/www.tucomarca.com\/wordpress\/segunda\/wp-json\/wp\/v2\/media\/75322","targetHints":{"allow":["GET"]}}],"collection":[{"href":"https:\/\/www.tucomarca.com\/wordpress\/segunda\/wp-json\/wp\/v2\/media"}],"about":[{"href":"https:\/\/www.tucomarca.com\/wordpress\/segunda\/wp-json\/wp\/v2\/types\/attachment"}],"author":[{"embeddable":true,"href":"https:\/\/www.tucomarca.com\/wordpress\/segunda\/wp-json\/wp\/v2\/users\/1"}],"replies":[{"embeddable":true,"href":"https:\/\/www.tucomarca.com\/wordpress\/segunda\/wp-json\/wp\/v2\/comments?post=75322"}],"wp:attached-to":[{"embeddable":true,"post_type":"post","id":75313,"href":"https:\/\/www.tucomarca.com\/wordpress\/segunda\/wp-json\/wp\/v2\/posts\/75313"}],"curies":[{"name":"wp","href":"https:\/\/api.w.org\/{rel}","templated":true}]}}